{"id":4457,"date":"2019-07-21T10:40:47","date_gmt":"2019-07-21T08:40:47","guid":{"rendered":"http:\/\/umacieja.net\/blog\/?page_id=4457"},"modified":"2019-07-21T10:40:47","modified_gmt":"2019-07-21T08:40:47","slug":"swietokrzyskie","status":"publish","type":"page","link":"http:\/\/umacieja.net\/blog\/?page_id=4457","title":{"rendered":"\u015awi\u0119tokrzyskie"},"content":{"rendered":"<!-- index.php -->\n<div\n\tclass=\"ngg-galleryoverview ngg-ajax-pagination-none\"\n\tid=\"ngg-gallery-778080ab8127f0abb6ad1431396059f0-1\">\n\n    \t<div class=\"slideshowlink\">\n        <a href='http:\/\/umacieja.net\/blog\/index.php\/nggallery\/slideshow?page_id=4457'>[Show as slideshow]<\/a>\n\t\t\n\t<\/div>\n\t\t\t<!-- Thumbnails -->\n\t\t\t\t<div id=\"ngg-image-0\" class=\"ngg-gallery-thumbnail-box\" >\n\t\t\t\t        <div class=\"ngg-gallery-thumbnail\">\n            <a href=\"http:\/\/umacieja.net\/blog\/wp-content\/gallery\/swietokrzyskie\/sandomierz.jpg\"\n               title=\"Sandomierz, widok z Bramy Opatowskiej.\"\n               data-src=\"http:\/\/umacieja.net\/blog\/wp-content\/gallery\/swietokrzyskie\/sandomierz.jpg\"\n               data-thumbnail=\"http:\/\/umacieja.net\/blog\/wp-content\/gallery\/swietokrzyskie\/thumbs\/thumbs_sandomierz.jpg\"\n               data-image-id=\"319\"\n               data-title=\"Sandomierz\"\n               data-description=\"Sandomierz, widok z Bramy Opatowskiej.\"\n               data-image-slug=\"sandomierz\"\n               class=\"ngg-simplelightbox\" rel=\"778080ab8127f0abb6ad1431396059f0\">\n                <img\n                    title=\"Sandomierz\"\n                    alt=\"Sandomierz\"\n                    src=\"http:\/\/umacieja.net\/blog\/wp-content\/gallery\/swietokrzyskie\/thumbs\/thumbs_sandomierz.jpg\"\n                    width=\"600\"\n                    height=\"120\"\n                    style=\"max-width:100%;\"\n                \/>\n            <\/a>\n        <\/div>\n\t\t\t\t\t\t\t<\/div> \n\t\t\t\n        \n\t\t\t\t<div id=\"ngg-image-1\" class=\"ngg-gallery-thumbnail-box\" >\n\t\t\t\t        <div class=\"ngg-gallery-thumbnail\">\n            <a href=\"http:\/\/umacieja.net\/blog\/wp-content\/gallery\/swietokrzyskie\/Bieszczady-2014-020.JPG\"\n               title=\"Sandomierz. Widok ze wzg\u00f3rza.\"\n               data-src=\"http:\/\/umacieja.net\/blog\/wp-content\/gallery\/swietokrzyskie\/Bieszczady-2014-020.JPG\"\n               data-thumbnail=\"http:\/\/umacieja.net\/blog\/wp-content\/gallery\/swietokrzyskie\/thumbs\/thumbs_Bieszczady-2014-020.JPG\"\n               data-image-id=\"318\"\n               data-title=\"Sandomierz\"\n               data-description=\"Sandomierz. Widok ze wzg\u00f3rza.\"\n               data-image-slug=\"bieszczady-2014-020\"\n               class=\"ngg-simplelightbox\" rel=\"778080ab8127f0abb6ad1431396059f0\">\n                <img\n                    title=\"Sandomierz\"\n                    alt=\"Sandomierz\"\n                    src=\"http:\/\/umacieja.net\/blog\/wp-content\/gallery\/swietokrzyskie\/thumbs\/thumbs_Bieszczady-2014-020.JPG\"\n                    width=\"600\"\n                    height=\"120\"\n                    style=\"max-width:100%;\"\n                \/>\n            <\/a>\n        <\/div>\n\t\t\t\t\t\t\t<\/div> \n\t\t\t\n        \n\t\t\t\t<div id=\"ngg-image-2\" class=\"ngg-gallery-thumbnail-box\" >\n\t\t\t\t        <div class=\"ngg-gallery-thumbnail\">\n            <a href=\"http:\/\/umacieja.net\/blog\/wp-content\/gallery\/swietokrzyskie\/Bieszczady-2014-111.JPG\"\n               title=\"Sandomierz, rynek\"\n               data-src=\"http:\/\/umacieja.net\/blog\/wp-content\/gallery\/swietokrzyskie\/Bieszczady-2014-111.JPG\"\n               data-thumbnail=\"http:\/\/umacieja.net\/blog\/wp-content\/gallery\/swietokrzyskie\/thumbs\/thumbs_Bieszczady-2014-111.JPG\"\n               data-image-id=\"317\"\n               data-title=\"Sandomierz\"\n               data-description=\"Sandomierz, rynek\"\n               data-image-slug=\"bieszczady-2014-111\"\n               class=\"ngg-simplelightbox\" rel=\"778080ab8127f0abb6ad1431396059f0\">\n                <img\n                    title=\"Sandomierz\"\n                    alt=\"Sandomierz\"\n                    src=\"http:\/\/umacieja.net\/blog\/wp-content\/gallery\/swietokrzyskie\/thumbs\/thumbs_Bieszczady-2014-111.JPG\"\n                    width=\"600\"\n                    height=\"120\"\n                    style=\"max-width:100%;\"\n                \/>\n            <\/a>\n        <\/div>\n\t\t\t\t\t\t\t<\/div> \n\t\t\t\n        \n\t\t\t\t<div id=\"ngg-image-3\" class=\"ngg-gallery-thumbnail-box\" >\n\t\t\t\t        <div class=\"ngg-gallery-thumbnail\">\n            <a href=\"http:\/\/umacieja.net\/blog\/wp-content\/gallery\/swietokrzyskie\/Bieszczady-2014-227.JPG\"\n               title=\"Sandomierz, widok z Bramy Opatowskiej.\"\n               data-src=\"http:\/\/umacieja.net\/blog\/wp-content\/gallery\/swietokrzyskie\/Bieszczady-2014-227.JPG\"\n               data-thumbnail=\"http:\/\/umacieja.net\/blog\/wp-content\/gallery\/swietokrzyskie\/thumbs\/thumbs_Bieszczady-2014-227.JPG\"\n               data-image-id=\"316\"\n               data-title=\"Sandomierz\"\n               data-description=\"Sandomierz, widok z Bramy Opatowskiej.\"\n               data-image-slug=\"bieszczady-2014-227\"\n               class=\"ngg-simplelightbox\" rel=\"778080ab8127f0abb6ad1431396059f0\">\n                <img\n                    title=\"Sandomierz\"\n                    alt=\"Sandomierz\"\n                    src=\"http:\/\/umacieja.net\/blog\/wp-content\/gallery\/swietokrzyskie\/thumbs\/thumbs_Bieszczady-2014-227.JPG\"\n                    width=\"600\"\n                    height=\"120\"\n                    style=\"max-width:100%;\"\n                \/>\n            <\/a>\n        <\/div>\n\t\t\t\t\t\t\t<\/div> \n\t\t\t\n        \n\t\t\t\t<div id=\"ngg-image-4\" class=\"ngg-gallery-thumbnail-box\" >\n\t\t\t\t        <div class=\"ngg-gallery-thumbnail\">\n            <a href=\"http:\/\/umacieja.net\/blog\/wp-content\/gallery\/swietokrzyskie\/G%C3%B3ry-%C5%9Awi%C4%99tokrzyskie-2015-054.JPG\"\n               title=\"Okolice g\u00f3r \u015bwi\u0119tokrzyskiech\"\n               data-src=\"http:\/\/umacieja.net\/blog\/wp-content\/gallery\/swietokrzyskie\/G%C3%B3ry-%C5%9Awi%C4%99tokrzyskie-2015-054.JPG\"\n               data-thumbnail=\"http:\/\/umacieja.net\/blog\/wp-content\/gallery\/swietokrzyskie\/thumbs\/thumbs_G%C3%B3ry-%C5%9Awi%C4%99tokrzyskie-2015-054.JPG\"\n               data-image-id=\"315\"\n               data-title=\"Okolice g\u00f3r \u015bwi\u0119tokrzyskiech\"\n               data-description=\"Okolice g\u00f3r \u015bwi\u0119tokrzyskiech\"\n               data-image-slug=\"g%c3%b3ry-%c5%9bwi%c4%99tokrzyskie-2015-054-1\"\n               class=\"ngg-simplelightbox\" rel=\"778080ab8127f0abb6ad1431396059f0\">\n                <img\n                    title=\"Okolice g\u00f3r \u015bwi\u0119tokrzyskiech\"\n                    alt=\"Okolice g\u00f3r \u015bwi\u0119tokrzyskiech\"\n                    src=\"http:\/\/umacieja.net\/blog\/wp-content\/gallery\/swietokrzyskie\/thumbs\/thumbs_G%C3%B3ry-%C5%9Awi%C4%99tokrzyskie-2015-054.JPG\"\n                    width=\"600\"\n                    height=\"120\"\n                    style=\"max-width:100%;\"\n                \/>\n            <\/a>\n        <\/div>\n\t\t\t\t\t\t\t<\/div> \n\t\t\t\n        \n\t\t\t\t<div id=\"ngg-image-5\" class=\"ngg-gallery-thumbnail-box\" >\n\t\t\t\t        <div class=\"ngg-gallery-thumbnail\">\n            <a href=\"http:\/\/umacieja.net\/blog\/wp-content\/gallery\/swietokrzyskie\/G%C3%B3ry-%C5%9Awi%C4%99tokrzyskie-2015-077.JPG\"\n               title=\"Okolice g\u00f3r \u015bwi\u0119tokrzyskiech\"\n               data-src=\"http:\/\/umacieja.net\/blog\/wp-content\/gallery\/swietokrzyskie\/G%C3%B3ry-%C5%9Awi%C4%99tokrzyskie-2015-077.JPG\"\n               data-thumbnail=\"http:\/\/umacieja.net\/blog\/wp-content\/gallery\/swietokrzyskie\/thumbs\/thumbs_G%C3%B3ry-%C5%9Awi%C4%99tokrzyskie-2015-077.JPG\"\n               data-image-id=\"314\"\n               data-title=\"Okolice g\u00f3r \u015bwi\u0119tokrzyskiech\"\n               data-description=\"Okolice g\u00f3r \u015bwi\u0119tokrzyskiech\"\n               data-image-slug=\"g%c3%b3ry-%c5%9bwi%c4%99tokrzyskie-2015-077-1\"\n               class=\"ngg-simplelightbox\" rel=\"778080ab8127f0abb6ad1431396059f0\">\n                <img\n                    title=\"Okolice g\u00f3r \u015bwi\u0119tokrzyskiech\"\n                    alt=\"Okolice g\u00f3r \u015bwi\u0119tokrzyskiech\"\n                    src=\"http:\/\/umacieja.net\/blog\/wp-content\/gallery\/swietokrzyskie\/thumbs\/thumbs_G%C3%B3ry-%C5%9Awi%C4%99tokrzyskie-2015-077.JPG\"\n                    width=\"600\"\n                    height=\"120\"\n                    style=\"max-width:100%;\"\n                \/>\n            <\/a>\n        <\/div>\n\t\t\t\t\t\t\t<\/div> \n\t\t\t\n        \n\t\t\t\t<div id=\"ngg-image-6\" class=\"ngg-gallery-thumbnail-box\" >\n\t\t\t\t        <div class=\"ngg-gallery-thumbnail\">\n            <a href=\"http:\/\/umacieja.net\/blog\/wp-content\/gallery\/swietokrzyskie\/G%C3%B3ry-%C5%9Awi%C4%99tokrzyskie-2015-109.JPG\"\n               title=\"Park miniatur Krajno\"\n               data-src=\"http:\/\/umacieja.net\/blog\/wp-content\/gallery\/swietokrzyskie\/G%C3%B3ry-%C5%9Awi%C4%99tokrzyskie-2015-109.JPG\"\n               data-thumbnail=\"http:\/\/umacieja.net\/blog\/wp-content\/gallery\/swietokrzyskie\/thumbs\/thumbs_G%C3%B3ry-%C5%9Awi%C4%99tokrzyskie-2015-109.JPG\"\n               data-image-id=\"313\"\n               data-title=\"Park miniatur Krajno\"\n               data-description=\"Park miniatur Krajno\"\n               data-image-slug=\"g%c3%b3ry-%c5%9bwi%c4%99tokrzyskie-2015-109-1\"\n               class=\"ngg-simplelightbox\" rel=\"778080ab8127f0abb6ad1431396059f0\">\n                <img\n                    title=\"Park miniatur Krajno\"\n                    alt=\"Park miniatur Krajno\"\n                    src=\"http:\/\/umacieja.net\/blog\/wp-content\/gallery\/swietokrzyskie\/thumbs\/thumbs_G%C3%B3ry-%C5%9Awi%C4%99tokrzyskie-2015-109.JPG\"\n                    width=\"600\"\n                    height=\"120\"\n                    style=\"max-width:100%;\"\n                \/>\n            <\/a>\n        <\/div>\n\t\t\t\t\t\t\t<\/div> \n\t\t\t\n        \n\t\t\t\t<div id=\"ngg-image-7\" class=\"ngg-gallery-thumbnail-box\" >\n\t\t\t\t        <div class=\"ngg-gallery-thumbnail\">\n            <a href=\"http:\/\/umacieja.net\/blog\/wp-content\/gallery\/swietokrzyskie\/G%C3%B3ry-%C5%9Awi%C4%99tokrzyskie-2015-216.JPG\"\n               title=\"Park miniatur Krajno\"\n               data-src=\"http:\/\/umacieja.net\/blog\/wp-content\/gallery\/swietokrzyskie\/G%C3%B3ry-%C5%9Awi%C4%99tokrzyskie-2015-216.JPG\"\n               data-thumbnail=\"http:\/\/umacieja.net\/blog\/wp-content\/gallery\/swietokrzyskie\/thumbs\/thumbs_G%C3%B3ry-%C5%9Awi%C4%99tokrzyskie-2015-216.JPG\"\n               data-image-id=\"312\"\n               data-title=\"Park miniatur Krajno\"\n               data-description=\"Park miniatur Krajno\"\n               data-image-slug=\"g%c3%b3ry-%c5%9bwi%c4%99tokrzyskie-2015-216-1\"\n               class=\"ngg-simplelightbox\" rel=\"778080ab8127f0abb6ad1431396059f0\">\n                <img\n                    title=\"Park miniatur Krajno\"\n                    alt=\"Park miniatur Krajno\"\n                    src=\"http:\/\/umacieja.net\/blog\/wp-content\/gallery\/swietokrzyskie\/thumbs\/thumbs_G%C3%B3ry-%C5%9Awi%C4%99tokrzyskie-2015-216.JPG\"\n                    width=\"600\"\n                    height=\"120\"\n                    style=\"max-width:100%;\"\n                \/>\n            <\/a>\n        <\/div>\n\t\t\t\t\t\t\t<\/div> \n\t\t\t\n        \n\t\t\t\t<div id=\"ngg-image-8\" class=\"ngg-gallery-thumbnail-box\" >\n\t\t\t\t        <div class=\"ngg-gallery-thumbnail\">\n            <a href=\"http:\/\/umacieja.net\/blog\/wp-content\/gallery\/swietokrzyskie\/G%C3%B3ry-%C5%9Awi%C4%99tokrzyskie-2015-218.JPG\"\n               title=\"Park miniatur Krajno\"\n               data-src=\"http:\/\/umacieja.net\/blog\/wp-content\/gallery\/swietokrzyskie\/G%C3%B3ry-%C5%9Awi%C4%99tokrzyskie-2015-218.JPG\"\n               data-thumbnail=\"http:\/\/umacieja.net\/blog\/wp-content\/gallery\/swietokrzyskie\/thumbs\/thumbs_G%C3%B3ry-%C5%9Awi%C4%99tokrzyskie-2015-218.JPG\"\n               data-image-id=\"311\"\n               data-title=\"Park miniatur Krajno\"\n               data-description=\"Park miniatur Krajno\"\n               data-image-slug=\"g%c3%b3ry-%c5%9bwi%c4%99tokrzyskie-2015-218-1\"\n               class=\"ngg-simplelightbox\" rel=\"778080ab8127f0abb6ad1431396059f0\">\n                <img\n                    title=\"Park miniatur Krajno\"\n                    alt=\"Park miniatur Krajno\"\n                    src=\"http:\/\/umacieja.net\/blog\/wp-content\/gallery\/swietokrzyskie\/thumbs\/thumbs_G%C3%B3ry-%C5%9Awi%C4%99tokrzyskie-2015-218.JPG\"\n                    width=\"600\"\n                    height=\"120\"\n                    style=\"max-width:100%;\"\n                \/>\n            <\/a>\n        <\/div>\n\t\t\t\t\t\t\t<\/div> \n\t\t\t\n        \n\t\t\t\t<div id=\"ngg-image-9\" class=\"ngg-gallery-thumbnail-box\" >\n\t\t\t\t        <div class=\"ngg-gallery-thumbnail\">\n            <a href=\"http:\/\/umacieja.net\/blog\/wp-content\/gallery\/swietokrzyskie\/G%C3%B3ry-%C5%9Awi%C4%99tokrzyskie-2015-284.JPG\"\n               title=\"Sandomierz\"\n               data-src=\"http:\/\/umacieja.net\/blog\/wp-content\/gallery\/swietokrzyskie\/G%C3%B3ry-%C5%9Awi%C4%99tokrzyskie-2015-284.JPG\"\n               data-thumbnail=\"http:\/\/umacieja.net\/blog\/wp-content\/gallery\/swietokrzyskie\/thumbs\/thumbs_G%C3%B3ry-%C5%9Awi%C4%99tokrzyskie-2015-284.JPG\"\n               data-image-id=\"310\"\n               data-title=\"Sandomierz\"\n               data-description=\"Sandomierz\"\n               data-image-slug=\"g%c3%b3ry-%c5%9bwi%c4%99tokrzyskie-2015-284-1\"\n               class=\"ngg-simplelightbox\" rel=\"778080ab8127f0abb6ad1431396059f0\">\n                <img\n                    title=\"Sandomierz\"\n                    alt=\"Sandomierz\"\n                    src=\"http:\/\/umacieja.net\/blog\/wp-content\/gallery\/swietokrzyskie\/thumbs\/thumbs_G%C3%B3ry-%C5%9Awi%C4%99tokrzyskie-2015-284.JPG\"\n                    width=\"600\"\n                    height=\"120\"\n                    style=\"max-width:100%;\"\n                \/>\n            <\/a>\n        <\/div>\n\t\t\t\t\t\t\t<\/div> \n\t\t\t\n        \n\t\t\t\t<div id=\"ngg-image-10\" class=\"ngg-gallery-thumbnail-box\" >\n\t\t\t\t        <div class=\"ngg-gallery-thumbnail\">\n            <a href=\"http:\/\/umacieja.net\/blog\/wp-content\/gallery\/swietokrzyskie\/G%C3%B3ry-%C5%9Awi%C4%99tokrzyskie-2015-304.JPG\"\n               title=\"Okolice g\u00f3r \u015bwi\u0119tokrzyskiech\"\n               data-src=\"http:\/\/umacieja.net\/blog\/wp-content\/gallery\/swietokrzyskie\/G%C3%B3ry-%C5%9Awi%C4%99tokrzyskie-2015-304.JPG\"\n               data-thumbnail=\"http:\/\/umacieja.net\/blog\/wp-content\/gallery\/swietokrzyskie\/thumbs\/thumbs_G%C3%B3ry-%C5%9Awi%C4%99tokrzyskie-2015-304.JPG\"\n               data-image-id=\"309\"\n               data-title=\"Okolice g\u00f3r \u015bwi\u0119tokrzyskiech\"\n               data-description=\"Okolice g\u00f3r \u015bwi\u0119tokrzyskiech\"\n               data-image-slug=\"g%c3%b3ry-%c5%9bwi%c4%99tokrzyskie-2015-304-1\"\n               class=\"ngg-simplelightbox\" rel=\"778080ab8127f0abb6ad1431396059f0\">\n                <img\n                    title=\"Okolice g\u00f3r \u015bwi\u0119tokrzyskiech\"\n                    alt=\"Okolice g\u00f3r \u015bwi\u0119tokrzyskiech\"\n                    src=\"http:\/\/umacieja.net\/blog\/wp-content\/gallery\/swietokrzyskie\/thumbs\/thumbs_G%C3%B3ry-%C5%9Awi%C4%99tokrzyskie-2015-304.JPG\"\n                    width=\"600\"\n                    height=\"120\"\n                    style=\"max-width:100%;\"\n                \/>\n            <\/a>\n        <\/div>\n\t\t\t\t\t\t\t<\/div> \n\t\t\t\n        \n\t\t\t\t<div id=\"ngg-image-11\" class=\"ngg-gallery-thumbnail-box\" >\n\t\t\t\t        <div class=\"ngg-gallery-thumbnail\">\n            <a href=\"http:\/\/umacieja.net\/blog\/wp-content\/gallery\/swietokrzyskie\/G%C3%B3ry-%C5%9Awi%C4%99tokrzyskie-2015-334.JPG\"\n               title=\"Sandomierz\"\n               data-src=\"http:\/\/umacieja.net\/blog\/wp-content\/gallery\/swietokrzyskie\/G%C3%B3ry-%C5%9Awi%C4%99tokrzyskie-2015-334.JPG\"\n               data-thumbnail=\"http:\/\/umacieja.net\/blog\/wp-content\/gallery\/swietokrzyskie\/thumbs\/thumbs_G%C3%B3ry-%C5%9Awi%C4%99tokrzyskie-2015-334.JPG\"\n               data-image-id=\"308\"\n               data-title=\"Sandomierz\"\n               data-description=\"Sandomierz\"\n               data-image-slug=\"g%c3%b3ry-%c5%9bwi%c4%99tokrzyskie-2015-334-1\"\n               class=\"ngg-simplelightbox\" rel=\"778080ab8127f0abb6ad1431396059f0\">\n                <img\n                    title=\"Sandomierz\"\n                    alt=\"Sandomierz\"\n                    src=\"http:\/\/umacieja.net\/blog\/wp-content\/gallery\/swietokrzyskie\/thumbs\/thumbs_G%C3%B3ry-%C5%9Awi%C4%99tokrzyskie-2015-334.JPG\"\n                    width=\"600\"\n                    height=\"120\"\n                    style=\"max-width:100%;\"\n                \/>\n            <\/a>\n        <\/div>\n\t\t\t\t\t\t\t<\/div> \n\t\t\t\n        \n\t\t\t\t<div id=\"ngg-image-12\" class=\"ngg-gallery-thumbnail-box\" >\n\t\t\t\t        <div class=\"ngg-gallery-thumbnail\">\n            <a href=\"http:\/\/umacieja.net\/blog\/wp-content\/gallery\/swietokrzyskie\/G%C3%B3ry-%C5%9Awi%C4%99tokrzyskie-2015-368.JPG\"\n               title=\"Sandomierz\"\n               data-src=\"http:\/\/umacieja.net\/blog\/wp-content\/gallery\/swietokrzyskie\/G%C3%B3ry-%C5%9Awi%C4%99tokrzyskie-2015-368.JPG\"\n               data-thumbnail=\"http:\/\/umacieja.net\/blog\/wp-content\/gallery\/swietokrzyskie\/thumbs\/thumbs_G%C3%B3ry-%C5%9Awi%C4%99tokrzyskie-2015-368.JPG\"\n               data-image-id=\"307\"\n               data-title=\"Sandomierz\"\n               data-description=\"Sandomierz\"\n               data-image-slug=\"g%c3%b3ry-%c5%9bwi%c4%99tokrzyskie-2015-368-1\"\n               class=\"ngg-simplelightbox\" rel=\"778080ab8127f0abb6ad1431396059f0\">\n                <img\n                    title=\"Sandomierz\"\n                    alt=\"Sandomierz\"\n                    src=\"http:\/\/umacieja.net\/blog\/wp-content\/gallery\/swietokrzyskie\/thumbs\/thumbs_G%C3%B3ry-%C5%9Awi%C4%99tokrzyskie-2015-368.JPG\"\n                    width=\"600\"\n                    height=\"120\"\n                    style=\"max-width:100%;\"\n                \/>\n            <\/a>\n        <\/div>\n\t\t\t\t\t\t\t<\/div> \n\t\t\t\n        \n\t\t\t\t<div id=\"ngg-image-13\" class=\"ngg-gallery-thumbnail-box\" >\n\t\t\t\t        <div class=\"ngg-gallery-thumbnail\">\n            <a href=\"http:\/\/umacieja.net\/blog\/wp-content\/gallery\/swietokrzyskie\/G%C3%B3ry-%C5%9Awi%C4%99tokrzyskie-2015-511.JPG\"\n               title=\"\u015awi\u0119ty Krzy\u017c\"\n               data-src=\"http:\/\/umacieja.net\/blog\/wp-content\/gallery\/swietokrzyskie\/G%C3%B3ry-%C5%9Awi%C4%99tokrzyskie-2015-511.JPG\"\n               data-thumbnail=\"http:\/\/umacieja.net\/blog\/wp-content\/gallery\/swietokrzyskie\/thumbs\/thumbs_G%C3%B3ry-%C5%9Awi%C4%99tokrzyskie-2015-511.JPG\"\n               data-image-id=\"274\"\n               data-title=\"\u015awi\u0119ty Krzy\u017c\"\n               data-description=\"\u015awi\u0119ty Krzy\u017c\"\n               data-image-slug=\"g%c3%b3ry-%c5%9bwi%c4%99tokrzyskie-2015-511-1\"\n               class=\"ngg-simplelightbox\" rel=\"778080ab8127f0abb6ad1431396059f0\">\n                <img\n                    title=\"\u015awi\u0119ty Krzy\u017c\"\n                    alt=\"\u015awi\u0119ty Krzy\u017c\"\n                    src=\"http:\/\/umacieja.net\/blog\/wp-content\/gallery\/swietokrzyskie\/thumbs\/thumbs_G%C3%B3ry-%C5%9Awi%C4%99tokrzyskie-2015-511.JPG\"\n                    width=\"600\"\n                    height=\"120\"\n                    style=\"max-width:100%;\"\n                \/>\n            <\/a>\n        <\/div>\n\t\t\t\t\t\t\t<\/div> \n\t\t\t\n        \n\t\t\t\t<div id=\"ngg-image-14\" class=\"ngg-gallery-thumbnail-box\" >\n\t\t\t\t        <div class=\"ngg-gallery-thumbnail\">\n            <a href=\"http:\/\/umacieja.net\/blog\/wp-content\/gallery\/swietokrzyskie\/G%C3%B3ry-%C5%9Awi%C4%99tokrzyskie-2015-523.JPG\"\n               title=\"\u015awi\u0119ty Krzy\u017c\"\n               data-src=\"http:\/\/umacieja.net\/blog\/wp-content\/gallery\/swietokrzyskie\/G%C3%B3ry-%C5%9Awi%C4%99tokrzyskie-2015-523.JPG\"\n               data-thumbnail=\"http:\/\/umacieja.net\/blog\/wp-content\/gallery\/swietokrzyskie\/thumbs\/thumbs_G%C3%B3ry-%C5%9Awi%C4%99tokrzyskie-2015-523.JPG\"\n               data-image-id=\"273\"\n               data-title=\"\u015awi\u0119ty Krzy\u017c\"\n               data-description=\"\u015awi\u0119ty Krzy\u017c\"\n               data-image-slug=\"g%c3%b3ry-%c5%9bwi%c4%99tokrzyskie-2015-523-1\"\n               class=\"ngg-simplelightbox\" rel=\"778080ab8127f0abb6ad1431396059f0\">\n                <img\n                    title=\"\u015awi\u0119ty Krzy\u017c\"\n                    alt=\"\u015awi\u0119ty Krzy\u017c\"\n                    src=\"http:\/\/umacieja.net\/blog\/wp-content\/gallery\/swietokrzyskie\/thumbs\/thumbs_G%C3%B3ry-%C5%9Awi%C4%99tokrzyskie-2015-523.JPG\"\n                    width=\"600\"\n                    height=\"120\"\n                    style=\"max-width:100%;\"\n                \/>\n            <\/a>\n        <\/div>\n\t\t\t\t\t\t\t<\/div> \n\t\t\t\n        \n\t\t\t\t<div id=\"ngg-image-15\" class=\"ngg-gallery-thumbnail-box\" >\n\t\t\t\t        <div class=\"ngg-gallery-thumbnail\">\n            <a href=\"http:\/\/umacieja.net\/blog\/wp-content\/gallery\/swietokrzyskie\/G%C3%B3ry-%C5%9Awi%C4%99tokrzyskie-2015-583.JPG\"\n               title=\"G\u00f3ry \u015bwi\u0119tokrzyskie\"\n               data-src=\"http:\/\/umacieja.net\/blog\/wp-content\/gallery\/swietokrzyskie\/G%C3%B3ry-%C5%9Awi%C4%99tokrzyskie-2015-583.JPG\"\n               data-thumbnail=\"http:\/\/umacieja.net\/blog\/wp-content\/gallery\/swietokrzyskie\/thumbs\/thumbs_G%C3%B3ry-%C5%9Awi%C4%99tokrzyskie-2015-583.JPG\"\n               data-image-id=\"272\"\n               data-title=\"G\u00f3ry \u015bwi\u0119tokrzyskie\"\n               data-description=\"G\u00f3ry \u015bwi\u0119tokrzyskie\"\n               data-image-slug=\"g%c3%b3ry-%c5%9bwi%c4%99tokrzyskie-2015-583-1\"\n               class=\"ngg-simplelightbox\" rel=\"778080ab8127f0abb6ad1431396059f0\">\n                <img\n                    title=\"G\u00f3ry \u015bwi\u0119tokrzyskie\"\n                    alt=\"G\u00f3ry \u015bwi\u0119tokrzyskie\"\n                    src=\"http:\/\/umacieja.net\/blog\/wp-content\/gallery\/swietokrzyskie\/thumbs\/thumbs_G%C3%B3ry-%C5%9Awi%C4%99tokrzyskie-2015-583.JPG\"\n                    width=\"600\"\n                    height=\"120\"\n                    style=\"max-width:100%;\"\n                \/>\n            <\/a>\n        <\/div>\n\t\t\t\t\t\t\t<\/div> \n\t\t\t\n        \n\t\t\t\t<div id=\"ngg-image-16\" class=\"ngg-gallery-thumbnail-box\" >\n\t\t\t\t        <div class=\"ngg-gallery-thumbnail\">\n            <a href=\"http:\/\/umacieja.net\/blog\/wp-content\/gallery\/swietokrzyskie\/G%C3%B3ry-%C5%9Awi%C4%99tokrzyskie-2015-590.JPG\"\n               title=\"G\u00f3ry \u015bwi\u0119tokrzyskie\"\n               data-src=\"http:\/\/umacieja.net\/blog\/wp-content\/gallery\/swietokrzyskie\/G%C3%B3ry-%C5%9Awi%C4%99tokrzyskie-2015-590.JPG\"\n               data-thumbnail=\"http:\/\/umacieja.net\/blog\/wp-content\/gallery\/swietokrzyskie\/thumbs\/thumbs_G%C3%B3ry-%C5%9Awi%C4%99tokrzyskie-2015-590.JPG\"\n               data-image-id=\"271\"\n               data-title=\"G\u00f3ry \u015bwi\u0119tokrzyskie\"\n               data-description=\"G\u00f3ry \u015bwi\u0119tokrzyskie\"\n               data-image-slug=\"g%c3%b3ry-%c5%9bwi%c4%99tokrzyskie-2015-590-1\"\n               class=\"ngg-simplelightbox\" rel=\"778080ab8127f0abb6ad1431396059f0\">\n                <img\n                    title=\"G\u00f3ry \u015bwi\u0119tokrzyskie\"\n                    alt=\"G\u00f3ry \u015bwi\u0119tokrzyskie\"\n                    src=\"http:\/\/umacieja.net\/blog\/wp-content\/gallery\/swietokrzyskie\/thumbs\/thumbs_G%C3%B3ry-%C5%9Awi%C4%99tokrzyskie-2015-590.JPG\"\n                    width=\"600\"\n                    height=\"120\"\n                    style=\"max-width:100%;\"\n                \/>\n            <\/a>\n        <\/div>\n\t\t\t\t\t\t\t<\/div> \n\t\t\t\n        \n\t\t\t\t<div id=\"ngg-image-17\" class=\"ngg-gallery-thumbnail-box\" >\n\t\t\t\t        <div class=\"ngg-gallery-thumbnail\">\n            <a href=\"http:\/\/umacieja.net\/blog\/wp-content\/gallery\/swietokrzyskie\/G%C3%B3ry-%C5%9Awi%C4%99tokrzyskie-2015-616.JPG\"\n               title=\"G\u00f3ry \u015bwi\u0119tokrzyskie\"\n               data-src=\"http:\/\/umacieja.net\/blog\/wp-content\/gallery\/swietokrzyskie\/G%C3%B3ry-%C5%9Awi%C4%99tokrzyskie-2015-616.JPG\"\n               data-thumbnail=\"http:\/\/umacieja.net\/blog\/wp-content\/gallery\/swietokrzyskie\/thumbs\/thumbs_G%C3%B3ry-%C5%9Awi%C4%99tokrzyskie-2015-616.JPG\"\n               data-image-id=\"270\"\n               data-title=\"G\u00f3ry \u015bwi\u0119tokrzyskie\"\n               data-description=\"G\u00f3ry \u015bwi\u0119tokrzyskie\"\n               data-image-slug=\"g%c3%b3ry-%c5%9bwi%c4%99tokrzyskie-2015-616-1\"\n               class=\"ngg-simplelightbox\" rel=\"778080ab8127f0abb6ad1431396059f0\">\n                <img\n                    title=\"G\u00f3ry \u015bwi\u0119tokrzyskie\"\n                    alt=\"G\u00f3ry \u015bwi\u0119tokrzyskie\"\n                    src=\"http:\/\/umacieja.net\/blog\/wp-content\/gallery\/swietokrzyskie\/thumbs\/thumbs_G%C3%B3ry-%C5%9Awi%C4%99tokrzyskie-2015-616.JPG\"\n                    width=\"600\"\n                    height=\"120\"\n                    style=\"max-width:100%;\"\n                \/>\n            <\/a>\n        <\/div>\n\t\t\t\t\t\t\t<\/div> \n\t\t\t\n        \n\t\t\t\t<div id=\"ngg-image-18\" class=\"ngg-gallery-thumbnail-box\" >\n\t\t\t\t        <div class=\"ngg-gallery-thumbnail\">\n            <a href=\"http:\/\/umacieja.net\/blog\/wp-content\/gallery\/swietokrzyskie\/G%C3%B3ry-%C5%9Awi%C4%99tokrzyskie-2017-1-559.JPG\"\n               title=\"\"\n               data-src=\"http:\/\/umacieja.net\/blog\/wp-content\/gallery\/swietokrzyskie\/G%C3%B3ry-%C5%9Awi%C4%99tokrzyskie-2017-1-559.JPG\"\n               data-thumbnail=\"http:\/\/umacieja.net\/blog\/wp-content\/gallery\/swietokrzyskie\/thumbs\/thumbs_G%C3%B3ry-%C5%9Awi%C4%99tokrzyskie-2017-1-559.JPG\"\n               data-image-id=\"269\"\n               data-title=\"Kielce\"\n               data-description=\"\"\n               data-image-slug=\"g%c3%b3ry-%c5%9bwi%c4%99tokrzyskie-2017-1-559\"\n               class=\"ngg-simplelightbox\" rel=\"778080ab8127f0abb6ad1431396059f0\">\n                <img\n                    title=\"Kielce\"\n                    alt=\"Kielce\"\n                    src=\"http:\/\/umacieja.net\/blog\/wp-content\/gallery\/swietokrzyskie\/thumbs\/thumbs_G%C3%B3ry-%C5%9Awi%C4%99tokrzyskie-2017-1-559.JPG\"\n                    width=\"600\"\n                    height=\"120\"\n                    style=\"max-width:100%;\"\n                \/>\n            <\/a>\n        <\/div>\n\t\t\t\t\t\t\t<\/div> \n\t\t\t\n        \n\t\t\t\t<div id=\"ngg-image-19\" class=\"ngg-gallery-thumbnail-box\" >\n\t\t\t\t        <div class=\"ngg-gallery-thumbnail\">\n            <a href=\"http:\/\/umacieja.net\/blog\/wp-content\/gallery\/swietokrzyskie\/G%C3%B3ry-%C5%9Awi%C4%99tokrzyskie-2017-1-495.JPG\"\n               title=\"\"\n               data-src=\"http:\/\/umacieja.net\/blog\/wp-content\/gallery\/swietokrzyskie\/G%C3%B3ry-%C5%9Awi%C4%99tokrzyskie-2017-1-495.JPG\"\n               data-thumbnail=\"http:\/\/umacieja.net\/blog\/wp-content\/gallery\/swietokrzyskie\/thumbs\/thumbs_G%C3%B3ry-%C5%9Awi%C4%99tokrzyskie-2017-1-495.JPG\"\n               data-image-id=\"268\"\n               data-title=\"Sandomierz\"\n               data-description=\"\"\n               data-image-slug=\"g%c3%b3ry-%c5%9bwi%c4%99tokrzyskie-2017-1-495\"\n               class=\"ngg-simplelightbox\" rel=\"778080ab8127f0abb6ad1431396059f0\">\n                <img\n                    title=\"Sandomierz\"\n                    alt=\"Sandomierz\"\n                    src=\"http:\/\/umacieja.net\/blog\/wp-content\/gallery\/swietokrzyskie\/thumbs\/thumbs_G%C3%B3ry-%C5%9Awi%C4%99tokrzyskie-2017-1-495.JPG\"\n                    width=\"600\"\n                    height=\"120\"\n                    style=\"max-width:100%;\"\n                \/>\n            <\/a>\n        <\/div>\n\t\t\t\t\t\t\t<\/div> \n\t\t\t\n        \n\t\t\t\t<div id=\"ngg-image-20\" class=\"ngg-gallery-thumbnail-box\" >\n\t\t\t\t        <div class=\"ngg-gallery-thumbnail\">\n            <a href=\"http:\/\/umacieja.net\/blog\/wp-content\/gallery\/swietokrzyskie\/G%C3%B3ry-%C5%9Awi%C4%99tokrzyskie-2017-1-409.JPG\"\n               title=\"\"\n               data-src=\"http:\/\/umacieja.net\/blog\/wp-content\/gallery\/swietokrzyskie\/G%C3%B3ry-%C5%9Awi%C4%99tokrzyskie-2017-1-409.JPG\"\n               data-thumbnail=\"http:\/\/umacieja.net\/blog\/wp-content\/gallery\/swietokrzyskie\/thumbs\/thumbs_G%C3%B3ry-%C5%9Awi%C4%99tokrzyskie-2017-1-409.JPG\"\n               data-image-id=\"267\"\n               data-title=\"Sandomierz\"\n               data-description=\"\"\n               data-image-slug=\"g%c3%b3ry-%c5%9bwi%c4%99tokrzyskie-2017-1-409\"\n               class=\"ngg-simplelightbox\" rel=\"778080ab8127f0abb6ad1431396059f0\">\n                <img\n                    title=\"Sandomierz\"\n                    alt=\"Sandomierz\"\n                    src=\"http:\/\/umacieja.net\/blog\/wp-content\/gallery\/swietokrzyskie\/thumbs\/thumbs_G%C3%B3ry-%C5%9Awi%C4%99tokrzyskie-2017-1-409.JPG\"\n                    width=\"600\"\n                    height=\"120\"\n                    style=\"max-width:100%;\"\n                \/>\n            <\/a>\n        <\/div>\n\t\t\t\t\t\t\t<\/div> \n\t\t\t\n        \n\t\t\t\t<div id=\"ngg-image-21\" class=\"ngg-gallery-thumbnail-box\" >\n\t\t\t\t        <div class=\"ngg-gallery-thumbnail\">\n            <a href=\"http:\/\/umacieja.net\/blog\/wp-content\/gallery\/swietokrzyskie\/G%C3%B3ry-%C5%9Awi%C4%99tokrzyskie-2017-1-398.JPG\"\n               title=\"\"\n               data-src=\"http:\/\/umacieja.net\/blog\/wp-content\/gallery\/swietokrzyskie\/G%C3%B3ry-%C5%9Awi%C4%99tokrzyskie-2017-1-398.JPG\"\n               data-thumbnail=\"http:\/\/umacieja.net\/blog\/wp-content\/gallery\/swietokrzyskie\/thumbs\/thumbs_G%C3%B3ry-%C5%9Awi%C4%99tokrzyskie-2017-1-398.JPG\"\n               data-image-id=\"266\"\n               data-title=\"Sandomierz\"\n               data-description=\"\"\n               data-image-slug=\"g%c3%b3ry-%c5%9bwi%c4%99tokrzyskie-2017-1-398\"\n               class=\"ngg-simplelightbox\" rel=\"778080ab8127f0abb6ad1431396059f0\">\n                <img\n                    title=\"Sandomierz\"\n                    alt=\"Sandomierz\"\n                    src=\"http:\/\/umacieja.net\/blog\/wp-content\/gallery\/swietokrzyskie\/thumbs\/thumbs_G%C3%B3ry-%C5%9Awi%C4%99tokrzyskie-2017-1-398.JPG\"\n                    width=\"600\"\n                    height=\"120\"\n                    style=\"max-width:100%;\"\n                \/>\n            <\/a>\n        <\/div>\n\t\t\t\t\t\t\t<\/div> \n\t\t\t\n        \n\t\t\t\t<div id=\"ngg-image-22\" class=\"ngg-gallery-thumbnail-box\" >\n\t\t\t\t        <div class=\"ngg-gallery-thumbnail\">\n            <a href=\"http:\/\/umacieja.net\/blog\/wp-content\/gallery\/swietokrzyskie\/G%C3%B3ry-%C5%9Awi%C4%99tokrzyskie-2017-1-328.JPG\"\n               title=\"\"\n               data-src=\"http:\/\/umacieja.net\/blog\/wp-content\/gallery\/swietokrzyskie\/G%C3%B3ry-%C5%9Awi%C4%99tokrzyskie-2017-1-328.JPG\"\n               data-thumbnail=\"http:\/\/umacieja.net\/blog\/wp-content\/gallery\/swietokrzyskie\/thumbs\/thumbs_G%C3%B3ry-%C5%9Awi%C4%99tokrzyskie-2017-1-328.JPG\"\n               data-image-id=\"265\"\n               data-title=\"Zamek Krzy\u017ctop\u00f3r\"\n               data-description=\"\"\n               data-image-slug=\"g%c3%b3ry-%c5%9bwi%c4%99tokrzyskie-2017-1-328\"\n               class=\"ngg-simplelightbox\" rel=\"778080ab8127f0abb6ad1431396059f0\">\n                <img\n                    title=\"Zamek Krzy\u017ctop\u00f3r\"\n                    alt=\"Zamek Krzy\u017ctop\u00f3r\"\n                    src=\"http:\/\/umacieja.net\/blog\/wp-content\/gallery\/swietokrzyskie\/thumbs\/thumbs_G%C3%B3ry-%C5%9Awi%C4%99tokrzyskie-2017-1-328.JPG\"\n                    width=\"600\"\n                    height=\"120\"\n                    style=\"max-width:100%;\"\n                \/>\n            <\/a>\n        <\/div>\n\t\t\t\t\t\t\t<\/div> \n\t\t\t\n        \n\t\t\t\t<div id=\"ngg-image-23\" class=\"ngg-gallery-thumbnail-box\" >\n\t\t\t\t        <div class=\"ngg-gallery-thumbnail\">\n            <a href=\"http:\/\/umacieja.net\/blog\/wp-content\/gallery\/swietokrzyskie\/G%C3%B3ry-%C5%9Awi%C4%99tokrzyskie-2017-1-271.JPG\"\n               title=\"\"\n               data-src=\"http:\/\/umacieja.net\/blog\/wp-content\/gallery\/swietokrzyskie\/G%C3%B3ry-%C5%9Awi%C4%99tokrzyskie-2017-1-271.JPG\"\n               data-thumbnail=\"http:\/\/umacieja.net\/blog\/wp-content\/gallery\/swietokrzyskie\/thumbs\/thumbs_G%C3%B3ry-%C5%9Awi%C4%99tokrzyskie-2017-1-271.JPG\"\n               data-image-id=\"264\"\n               data-title=\"Zamek Krzy\u017ctop\u00f3r\"\n               data-description=\"\"\n               data-image-slug=\"g%c3%b3ry-%c5%9bwi%c4%99tokrzyskie-2017-1-271\"\n               class=\"ngg-simplelightbox\" rel=\"778080ab8127f0abb6ad1431396059f0\">\n                <img\n                    title=\"Zamek Krzy\u017ctop\u00f3r\"\n                    alt=\"Zamek Krzy\u017ctop\u00f3r\"\n                    src=\"http:\/\/umacieja.net\/blog\/wp-content\/gallery\/swietokrzyskie\/thumbs\/thumbs_G%C3%B3ry-%C5%9Awi%C4%99tokrzyskie-2017-1-271.JPG\"\n                    width=\"600\"\n                    height=\"120\"\n                    style=\"max-width:100%;\"\n                \/>\n            <\/a>\n        <\/div>\n\t\t\t\t\t\t\t<\/div> \n\t\t\t\n        \n\t\t\t\t<div id=\"ngg-image-24\" class=\"ngg-gallery-thumbnail-box\" >\n\t\t\t\t        <div class=\"ngg-gallery-thumbnail\">\n            <a href=\"http:\/\/umacieja.net\/blog\/wp-content\/gallery\/swietokrzyskie\/G%C3%B3ry-%C5%9Awi%C4%99tokrzyskie-2017-1-257.JPG\"\n               title=\"\"\n               data-src=\"http:\/\/umacieja.net\/blog\/wp-content\/gallery\/swietokrzyskie\/G%C3%B3ry-%C5%9Awi%C4%99tokrzyskie-2017-1-257.JPG\"\n               data-thumbnail=\"http:\/\/umacieja.net\/blog\/wp-content\/gallery\/swietokrzyskie\/thumbs\/thumbs_G%C3%B3ry-%C5%9Awi%C4%99tokrzyskie-2017-1-257.JPG\"\n               data-image-id=\"263\"\n               data-title=\"Zamek Krzy\u017ctop\u00f3r\"\n               data-description=\"\"\n               data-image-slug=\"g%c3%b3ry-%c5%9bwi%c4%99tokrzyskie-2017-1-257\"\n               class=\"ngg-simplelightbox\" rel=\"778080ab8127f0abb6ad1431396059f0\">\n                <img\n                    title=\"Zamek Krzy\u017ctop\u00f3r\"\n                    alt=\"Zamek Krzy\u017ctop\u00f3r\"\n                    src=\"http:\/\/umacieja.net\/blog\/wp-content\/gallery\/swietokrzyskie\/thumbs\/thumbs_G%C3%B3ry-%C5%9Awi%C4%99tokrzyskie-2017-1-257.JPG\"\n                    width=\"600\"\n                    height=\"120\"\n                    style=\"max-width:100%;\"\n                \/>\n            <\/a>\n        <\/div>\n\t\t\t\t\t\t\t<\/div> \n\t\t\t\n        \n\t\t\t\t<div id=\"ngg-image-25\" class=\"ngg-gallery-thumbnail-box\" >\n\t\t\t\t        <div class=\"ngg-gallery-thumbnail\">\n            <a href=\"http:\/\/umacieja.net\/blog\/wp-content\/gallery\/swietokrzyskie\/G%C3%B3ry-%C5%9Awi%C4%99tokrzyskie-2017-1-255.JPG\"\n               title=\"\"\n               data-src=\"http:\/\/umacieja.net\/blog\/wp-content\/gallery\/swietokrzyskie\/G%C3%B3ry-%C5%9Awi%C4%99tokrzyskie-2017-1-255.JPG\"\n               data-thumbnail=\"http:\/\/umacieja.net\/blog\/wp-content\/gallery\/swietokrzyskie\/thumbs\/thumbs_G%C3%B3ry-%C5%9Awi%C4%99tokrzyskie-2017-1-255.JPG\"\n               data-image-id=\"262\"\n               data-title=\"Zamek Krzy\u017ctop\u00f3r\"\n               data-description=\"\"\n               data-image-slug=\"g%c3%b3ry-%c5%9bwi%c4%99tokrzyskie-2017-1-255\"\n               class=\"ngg-simplelightbox\" rel=\"778080ab8127f0abb6ad1431396059f0\">\n                <img\n                    title=\"Zamek Krzy\u017ctop\u00f3r\"\n                    alt=\"Zamek Krzy\u017ctop\u00f3r\"\n                    src=\"http:\/\/umacieja.net\/blog\/wp-content\/gallery\/swietokrzyskie\/thumbs\/thumbs_G%C3%B3ry-%C5%9Awi%C4%99tokrzyskie-2017-1-255.JPG\"\n                    width=\"600\"\n                    height=\"120\"\n                    style=\"max-width:100%;\"\n                \/>\n            <\/a>\n        <\/div>\n\t\t\t\t\t\t\t<\/div> \n\t\t\t\n        \n\t\t\n\t\t<!-- Pagination -->\n\t<div class='ngg-clear'><\/div>\t<\/div>\n\n","protected":false},"excerpt":{"rendered":"","protected":false},"author":1,"featured_media":0,"parent":689,"menu_order":0,"comment_status":"closed","ping_status":"closed","template":"","meta":{"ngg_post_thumbnail":0},"_links":{"self":[{"href":"http:\/\/umacieja.net\/blog\/index.php?rest_route=\/wp\/v2\/pages\/4457"}],"collection":[{"href":"http:\/\/umacieja.net\/blog\/index.php?rest_route=\/wp\/v2\/pages"}],"about":[{"href":"http:\/\/umacieja.net\/blog\/index.php?rest_route=\/wp\/v2\/types\/page"}],"author":[{"embeddable":true,"href":"http:\/\/umacieja.net\/blog\/index.php?rest_route=\/wp\/v2\/users\/1"}],"replies":[{"embeddable":true,"href":"http:\/\/umacieja.net\/blog\/index.php?rest_route=%2Fwp%2Fv2%2Fcomments&post=4457"}],"version-history":[{"count":0,"href":"http:\/\/umacieja.net\/blog\/index.php?rest_route=\/wp\/v2\/pages\/4457\/revisions"}],"up":[{"embeddable":true,"href":"http:\/\/umacieja.net\/blog\/index.php?rest_route=\/wp\/v2\/pages\/689"}],"wp:attachment":[{"href":"http:\/\/umacieja.net\/blog\/index.php?rest_route=%2Fwp%2Fv2%2Fmedia&parent=4457"}],"curies":[{"name":"wp","href":"https:\/\/api.w.org\/{rel}","templated":true}]}}